{"id":9358,"date":"2018-10-17T20:08:08","date_gmt":"2018-10-17T23:08:08","guid":{"rendered":"http:\/\/controversia.com.br\/?page_id=9358"},"modified":"2018-10-22T17:36:48","modified_gmt":"2018-10-22T20:36:48","slug":"widgets","status":"publish","type":"page","link":"https:\/\/controversia.com.br\/pt\/widgets\/","title":{"rendered":"Widgets"},"content":{"rendered":"<div id=\"pl-9358\"  class=\"panel-layout\" ><div id=\"pg-9358-0\"  class=\"panel-grid panel-no-style\" ><div id=\"pgc-9358-0-0\"  class=\"panel-grid-cell\" ><div id=\"panel-9358-0-0-0\" class=\"so-panel widget widget_blog_subscription jetpack_subscription_widget panel-first-child\" data-index=\"0\" ><h3 class=\"widget-title\">Assinar blog por e-mail<\/h3>\n\t\t\t<div class=\"wp-block-jetpack-subscriptions__container\">\n\t\t\t<form action=\"#\" method=\"post\" accept-charset=\"utf-8\" id=\"subscribe-blog-widget-0-0-0\"\n\t\t\t\tdata-blog=\"77940446\"\n\t\t\t\tdata-post_access_level=\"everybody\" data-trp-original-action=\"#\" >\n\t\t\t\t\t\t\t\t\t<div id=\"subscribe-text\"><p>Digite seu endere\u00e7o de e-mail para assinar este blog e receber notifica\u00e7\u00f5es de novas publica\u00e7\u00f5es por e-mail.<\/p>\n<\/div>\n\t\t\t\t\t\t\t\t\t\t<p id=\"subscribe-email\">\n\t\t\t\t\t\t<label id=\"jetpack-subscribe-label\"\n\t\t\t\t\t\t\tclass=\"screen-reader-text\"\n\t\t\t\t\t\t\tfor=\"subscribe-field-widget-0-0-0\">\n\t\t\t\t\t\t\tEndere\u00e7o de e-mail\t\t\t\t\t\t<\/label>\n\t\t\t\t\t\t<input type=\"email\" name=\"email\" autocomplete=\"email\" required=\"required\"\n\t\t\t\t\t\t\t\t\t\t\t\t\t\t\t\t\t\t\t\t\tvalue=\"\"\n\t\t\t\t\t\t\tid=\"subscribe-field-widget-0-0-0\"\n\t\t\t\t\t\t\tplaceholder=\"Endere\u00e7o de e-mail\"\n\t\t\t\t\t\t\/>\n\t\t\t\t\t<\/p>\n\n\t\t\t\t\t<p id=\"subscribe-submit\"\n\t\t\t\t\t\t\t\t\t\t\t>\n\t\t\t\t\t\t<input type=\"hidden\" name=\"action\" value=\"subscribe\"\/>\n\t\t\t\t\t\t<input type=\"hidden\" name=\"source\" value=\"https:\/\/controversia.com.br\/pt\/wp-json\/wp\/v2\/pages\/9358\"\/>\n\t\t\t\t\t\t<input type=\"hidden\" name=\"sub-type\" value=\"widget\"\/>\n\t\t\t\t\t\t<input type=\"hidden\" name=\"redirect_fragment\" value=\"subscribe-blog-widget-0-0-0\"\/>\n\t\t\t\t\t\t<input type=\"hidden\" id=\"_wpnonce\" name=\"_wpnonce\" value=\"4a0eef4b40\" \/><input type=\"hidden\" name=\"_wp_http_referer\" value=\"\/pt\/wp-json\/wp\/v2\/pages\/9358\" \/>\t\t\t\t\t\t<button type=\"submit\"\n\t\t\t\t\t\t\t\t\t\t\t\t\t\t\tclass=\"wp-block-button__link\"\n\t\t\t\t\t\t\t\t\t\t\t\t\t\t\t\t\t\t\t\t\tname=\"jetpack_subscriptions_widget\"\n\t\t\t\t\t\t>\n\t\t\t\t\t\t\tAssinar\t\t\t\t\t\t<\/button>\n\t\t\t\t\t<\/p>\n\t\t\t\t\t\t\t<input type=\"hidden\" name=\"trp-form-language\" value=\"pt\"\/><\/form>\n\t\t\t\t\t\t\t<div class=\"wp-block-jetpack-subscriptions__subscount\">\n\t\t\t\t\tJoin 13K other subscribers\t\t\t\t<\/div>\n\t\t\t\t\t\t<\/div>\n\t\t\t\n<\/div><div id=\"panel-9358-0-0-1\" class=\"so-panel widget widget_authors\" data-index=\"1\" ><h3 class=\"widget-title\">Autores<\/h3><ul><li><a href=\"https:\/\/controversia.com.br\/pt\/author\/ricardo\/\"> <img alt='1' src='https:\/\/secure.gravatar.com\/avatar\/563f531212bc6090e93cff0fa84ee47efb7d9e98a581a109a78b22116ea4e21e?s=48&#038;d=mm&#038;r=g' srcset='https:\/\/secure.gravatar.com\/avatar\/563f531212bc6090e93cff0fa84ee47efb7d9e98a581a109a78b22116ea4e21e?s=96&#038;d=mm&#038;r=g 2x' class='avatar avatar-48 photo' height='48' width='48' \/> <strong>Ricardo Alvarez<\/strong><\/a><ul><li><a href=\"https:\/\/controversia.com.br\/pt\/2026\/09\/05\/um-fantasma-truculento-caotico-predador-ronda-o-mundo\/\" title=\"Um fantasma (truculento, ca\u00f3tico, predador) ronda o mundo\">Um fantasma (truculento, ca\u00f3tico, predador) ronda o mundo<\/a><\/li><li><a href=\"https:\/\/controversia.com.br\/pt\/2026\/09\/03\/trump-o-imperio-da-tirania-imobiliaria-2\/\" title=\"Trump: o imp\u00e9rio da tirania imobili\u00e1ria\">Trump: o imp\u00e9rio da tirania imobili\u00e1ria<\/a><\/li><li><a href=\"https:\/\/controversia.com.br\/pt\/2026\/09\/01\/agua-o-enganoso-mito-da-escassez\/\" title=\"\u00c1gua: o enganoso mito da Escassez\">\u00c1gua: o enganoso mito da Escassez<\/a><\/li><li><a href=\"https:\/\/controversia.com.br\/pt\/2026\/08\/30\/os-12-mais-ricos-do-mundo-concentram-mais-riqueza-que-os-4-bilhoes-mais-pobres\/\" title=\"Os 12 mais ricos do mundo concentram mais riqueza que os 4 bilh\u00f5es mais pobres\">Os 12 mais ricos do mundo concentram mais riqueza que os 4 bilh\u00f5es mais pobres<\/a><\/li><li><a href=\"https:\/\/controversia.com.br\/pt\/2026\/08\/28\/a-privatizacao-imperial-da-onu\/\" title=\"A Privatiza\u00e7\u00e3o Imperial da ONU\">A Privatiza\u00e7\u00e3o Imperial da ONU<\/a><\/li><\/ul><\/li><\/ul><\/div><div id=\"panel-9358-0-0-2\" class=\"so-panel widget widget_blog-stats blog-stats\" data-index=\"2\" ><h3 class=\"widget-title\">Estat\u00edsticas do blog<\/h3><ul><li>533.174 cliques<\/li><\/ul><\/div><div id=\"panel-9358-0-0-3\" class=\"so-panel widget widget_widget_contact_info widget_contact_info\" data-index=\"3\" ><h3 class=\"widget-title\">Hor\u00e1rio e informa\u00e7\u00f5es<\/h3><div itemscope itemtype=\"http:\/\/schema.org\/LocalBusiness\"><div class=\"confit-address\" itemscope itemtype=\"http:\/\/schema.org\/PostalAddress\" itemprop=\"address\"><a href=\"https:\/\/maps.google.com\/maps?z=16&#038;q=3999%2Bmission%2Bboulevard%2C%2Bsan%2Bdiego%2Bca%2B92109\" target=\"_blank\" rel=\"noopener noreferrer\">3999 Mission Boulevard,<br\/>San Diego CA 92109<\/a><\/div><div class=\"confit-phone\"><span itemprop=\"telephone\"><a href=\"tel:1-202-555-1212\">1-202-555-1212<\/a><\/span><\/div><div class=\"confit-hours\" itemprop=\"openingHours\">Almo\u00e7o: 11:00 \u00e0s 14:00 <br\/>Jantar: Segunda a quinta, de 17:00 \u00e0s 23:00, sexta a s\u00e1bado, de 17:00 \u00e0 01:00<\/div><\/div><\/div><div id=\"panel-9358-0-0-4\" class=\"so-panel widget widget_milestone_widget milestone-widget\" data-index=\"4\" ><h3 class=\"widget-title\">ELei\u00e7\u00f5es<\/h3><div id=\"widget-0-0-4-content\" class=\"milestone-content\"><div class=\"milestone-header\"><strong class=\"event\">O grande dia<\/strong><span class=\"date\">28\/10\/18<\/span><\/div><div class=\"milestone-message\">O grande dia est\u00e1 aqui.<\/div><\/div><!--milestone-content--><\/div><div id=\"panel-9358-0-0-5\" class=\"so-panel widget widget_jetpack_my_community\" data-index=\"5\" ><h3 class=\"widget-title\">Community<\/h3><div class=\"widgets-multi-column-grid\"><ul><li><a href=\"https:\/\/gravatar.com\/a6baf1d050fce8052a8e9314ddeaa3ac\" title=\"Ant\u00f4nio\"><img loading=\"lazy\" decoding=\"async\" alt=\"Ant\u00f4nio\" src=\"https:\/\/2.gravatar.com\/avatar\/e0b3fafd4342bcf9a9c4eea9186bff44d377132fe1594faabd96c9f716eb34dd?s=96&#038;d=https%3A%2F%2F2.gravatar.com%2Favatar%2Fad516503a11cd5ca435acc9bb6523536%3Fs%3D96&#038;r=G\" class=\"avatar avatar-48\" height=\"48\" width=\"48\"><\/a><\/li><li><a href=\"https:\/\/gravatar.com\/8beb98575eeee68d0e92a36a0e722393\" title=\"KLAYTON TORRES\"><img loading=\"lazy\" decoding=\"async\" alt=\"KLAYTON TORRES\" src=\"https:\/\/2.gravatar.com\/avatar\/e1f51b18efdbd293cd7fdf8bb5508ec8931b527148639b9ef63a02e6c8b562f8?s=96&#038;d=https%3A%2F%2F2.gravatar.com%2Favatar%2Fad516503a11cd5ca435acc9bb6523536%3Fs%3D96&#038;r=G\" class=\"avatar avatar-48\" height=\"48\" width=\"48\"><\/a><\/li><li><a href=\"https:\/\/gravatar.com\/4054eae043d066324218138b04c4a20b\" title=\"JOSE TAVARES\"><img loading=\"lazy\" decoding=\"async\" alt=\"JOSE TAVARES\" src=\"https:\/\/2.gravatar.com\/avatar\/84949464a1161b9556cdffbea8b964c890160fba0dbfbe6148866d81f679a58d?s=96&#038;d=https%3A%2F%2F2.gravatar.com%2Favatar%2Fad516503a11cd5ca435acc9bb6523536%3Fs%3D96&#038;r=G\" class=\"avatar avatar-48\" height=\"48\" width=\"48\"><\/a><\/li><li><a href=\"https:\/\/gravatar.com\/xindocai\" title=\"Ricardo Alvarez\"><img loading=\"lazy\" decoding=\"async\" alt=\"Ricardo Alvarez\" src=\"https:\/\/2.gravatar.com\/avatar\/563f531212bc6090e93cff0fa84ee47efb7d9e98a581a109a78b22116ea4e21e?s=96&#038;d=https%3A%2F%2F2.gravatar.com%2Favatar%2Fad516503a11cd5ca435acc9bb6523536%3Fs%3D96&#038;r=G\" class=\"avatar avatar-48\" height=\"48\" width=\"48\"><\/a><\/li><li><a href=\"https:\/\/gravatar.com\/14ea906976a8c8c8ab85b1bdb38687a9\" title=\"Andr\u00e9\"><img loading=\"lazy\" decoding=\"async\" alt=\"Andr\u00e9\" src=\"https:\/\/0.gravatar.com\/avatar\/0c288679a3aa1cdaf4b982b94b57c8e8862bbee5db1c6ba68cf639b00f923b65?s=96&#038;d=https%3A%2F%2F0.gravatar.com%2Favatar%2Fad516503a11cd5ca435acc9bb6523536%3Fs%3D96&#038;r=G\" class=\"avatar avatar-48\" height=\"48\" width=\"48\"><\/a><\/li><li><a href=\"https:\/\/gravatar.com\/pimentel43\" title=\"Jo\u00e3o Baptista Pimentel Neto\"><img loading=\"lazy\" decoding=\"async\" alt=\"Jo\u00e3o Baptista Pimentel Neto\" src=\"https:\/\/2.gravatar.com\/avatar\/8a8bc73ab8ed638880c78e7375236d64933fb6f45f14079021246050fe88807d?s=96&#038;d=https%3A%2F%2F2.gravatar.com%2Favatar%2Fad516503a11cd5ca435acc9bb6523536%3Fs%3D96&#038;r=G\" class=\"avatar avatar-48\" height=\"48\" width=\"48\"><\/a><\/li><li><a href=\"https:\/\/gravatar.com\/8b407e54ea9d7815320e211c3f5787a6\" title=\"Kellyn Semin\"><img loading=\"lazy\" decoding=\"async\" alt=\"Kellyn Semin\" src=\"https:\/\/2.gravatar.com\/avatar\/b33ecc61ce5b6eb0e361afba8a953517a5c2a5b07f2990bca22163113f58734a?s=96&#038;d=https%3A%2F%2F2.gravatar.com%2Favatar%2Fad516503a11cd5ca435acc9bb6523536%3Fs%3D96&#038;r=G\" class=\"avatar avatar-48\" height=\"48\" width=\"48\"><\/a><\/li><li><a href=\"https:\/\/gravatar.com\/talesamerico\" title=\"Tales\"><img loading=\"lazy\" decoding=\"async\" alt=\"Tales\" src=\"https:\/\/0.gravatar.com\/avatar\/38372c812210746b2419ed803df9e326f5010d78493bdfda9b456f34d62370f6?s=96&#038;d=https%3A%2F%2F0.gravatar.com%2Favatar%2Fad516503a11cd5ca435acc9bb6523536%3Fs%3D96&#038;r=G\" class=\"avatar avatar-48\" height=\"48\" width=\"48\"><\/a><\/li><li><a href=\"https:\/\/gravatar.com\/1c6c519d6a730107f8f23727e3b60669\" title=\"ERICK GUIMARAES\"><img loading=\"lazy\" decoding=\"async\" alt=\"ERICK GUIMARAES\" src=\"https:\/\/0.gravatar.com\/avatar\/9d6a78f20b1d23594d77f34af0580397b19374516ad7feb07c0b3403fa627d28?s=96&#038;d=https%3A%2F%2F0.gravatar.com%2Favatar%2Fad516503a11cd5ca435acc9bb6523536%3Fs%3D96&#038;r=G\" class=\"avatar avatar-48\" height=\"48\" width=\"48\"><\/a><\/li><li><a href=\"https:\/\/gravatar.com\/3bd045987bf2991601dd951bcf9568bd\" title=\"Martha Aulete Hirsch\"><img loading=\"lazy\" decoding=\"async\" alt=\"Martha Aulete Hirsch\" src=\"https:\/\/0.gravatar.com\/avatar\/9ed35456576eb4f25799f9bc7bbadf37b25dafce8cb9f4fb10ebf61763f9121d?s=96&#038;d=https%3A%2F%2F0.gravatar.com%2Favatar%2Fad516503a11cd5ca435acc9bb6523536%3Fs%3D96&#038;r=G\" class=\"avatar avatar-48\" height=\"48\" width=\"48\"><\/a><\/li><\/ul><\/div><\/div><div id=\"panel-9358-0-0-6\" class=\"so-panel widget widget_top-posts\" data-index=\"6\" ><h3 class=\"widget-title\">Posts &amp; p\u00e1ginas populares<\/h3><ul class='widgets-list-layout no-grav'>\n<li><a href=\"https:\/\/controversia.com.br\/pt\/2016\/04\/26\/a-cara-do-pmdb\/\" title=\"A CARA DO PMDB\" class=\"bump-view\" data-bump-view=\"tp\"><img decoding=\"async\" loading=\"lazy\" width=\"40\" height=\"40\" src=\"https:\/\/i0.wp.com\/controversia.com.br\/wp-content\/uploads\/2016\/04\/michel-temer.jpg?fit=640%2C374&#038;ssl=1&#038;resize=40%2C40\" srcset=\"https:\/\/i0.wp.com\/controversia.com.br\/wp-content\/uploads\/2016\/04\/michel-temer.jpg?fit=640%2C374&amp;ssl=1&amp;resize=40%2C40 1x, https:\/\/i0.wp.com\/controversia.com.br\/wp-content\/uploads\/2016\/04\/michel-temer.jpg?fit=640%2C374&amp;ssl=1&amp;resize=60%2C60 1.5x, https:\/\/i0.wp.com\/controversia.com.br\/wp-content\/uploads\/2016\/04\/michel-temer.jpg?fit=640%2C374&amp;ssl=1&amp;resize=80%2C80 2x, https:\/\/i0.wp.com\/controversia.com.br\/wp-content\/uploads\/2016\/04\/michel-temer.jpg?fit=640%2C374&amp;ssl=1&amp;resize=120%2C120 3x, https:\/\/i0.wp.com\/controversia.com.br\/wp-content\/uploads\/2016\/04\/michel-temer.jpg?fit=640%2C374&amp;ssl=1&amp;resize=160%2C160 4x\" alt=\"A CARA DO PMDB\" data-pin-nopin=\"true\" class=\"widgets-list-layout-blavatar\" \/><\/a><div class=\"widgets-list-layout-links\">\n\t\t\t\t\t\t\t\t<a href=\"https:\/\/controversia.com.br\/pt\/2016\/04\/26\/a-cara-do-pmdb\/\" title=\"A CARA DO PMDB\" class=\"bump-view\" data-bump-view=\"tp\">A CARA DO PMDB<\/a>\n\t\t\t\t\t\t\t<\/div>\n\t\t\t\t\t\t\t<\/li><li><a href=\"https:\/\/controversia.com.br\/pt\/2016\/04\/27\/o-mapa-mundi-poderia-estar-de-cabeca-para-baixo\/\" title=\"O mapa-m\u00fandi poderia estar de cabe\u00e7a para baixo?\" class=\"bump-view\" data-bump-view=\"tp\"><img decoding=\"async\" loading=\"lazy\" width=\"40\" height=\"40\" src=\"https:\/\/i0.wp.com\/controversia.com.br\/wp-content\/uploads\/2016\/04\/mapa-mundi.jpg?fit=750%2C518&#038;ssl=1&#038;resize=40%2C40\" srcset=\"https:\/\/i0.wp.com\/controversia.com.br\/wp-content\/uploads\/2016\/04\/mapa-mundi.jpg?fit=750%2C518&amp;ssl=1&amp;resize=40%2C40 1x, https:\/\/i0.wp.com\/controversia.com.br\/wp-content\/uploads\/2016\/04\/mapa-mundi.jpg?fit=750%2C518&amp;ssl=1&amp;resize=60%2C60 1.5x, https:\/\/i0.wp.com\/controversia.com.br\/wp-content\/uploads\/2016\/04\/mapa-mundi.jpg?fit=750%2C518&amp;ssl=1&amp;resize=80%2C80 2x, https:\/\/i0.wp.com\/controversia.com.br\/wp-content\/uploads\/2016\/04\/mapa-mundi.jpg?fit=750%2C518&amp;ssl=1&amp;resize=120%2C120 3x, https:\/\/i0.wp.com\/controversia.com.br\/wp-content\/uploads\/2016\/04\/mapa-mundi.jpg?fit=750%2C518&amp;ssl=1&amp;resize=160%2C160 4x\" alt=\"O mapa-m\u00fandi poderia estar de cabe\u00e7a para baixo?\" data-pin-nopin=\"true\" class=\"widgets-list-layout-blavatar\" \/><\/a><div class=\"widgets-list-layout-links\">\n\t\t\t\t\t\t\t\t<a href=\"https:\/\/controversia.com.br\/pt\/2016\/04\/27\/o-mapa-mundi-poderia-estar-de-cabeca-para-baixo\/\" title=\"O mapa-m\u00fandi poderia estar de cabe\u00e7a para baixo?\" class=\"bump-view\" data-bump-view=\"tp\">O mapa-m\u00fandi poderia estar de cabe\u00e7a para baixo?<\/a>\n\t\t\t\t\t\t\t<\/div>\n\t\t\t\t\t\t\t<\/li><li><a href=\"https:\/\/controversia.com.br\/pt\/2016\/12\/11\/a-luta-das-mulheres-indigenas-contra-o-estupro\/\" title=\"A luta das mulheres ind\u00edgenas contra o estupro\" class=\"bump-view\" data-bump-view=\"tp\"><img decoding=\"async\" loading=\"lazy\" width=\"40\" height=\"40\" src=\"https:\/\/i0.wp.com\/controversia.com.br\/wp-content\/uploads\/2016\/12\/mulheres-indigenas.jpg?fit=600%2C337&#038;ssl=1&#038;resize=40%2C40\" srcset=\"https:\/\/i0.wp.com\/controversia.com.br\/wp-content\/uploads\/2016\/12\/mulheres-indigenas.jpg?fit=600%2C337&amp;ssl=1&amp;resize=40%2C40 1x, https:\/\/i0.wp.com\/controversia.com.br\/wp-content\/uploads\/2016\/12\/mulheres-indigenas.jpg?fit=600%2C337&amp;ssl=1&amp;resize=60%2C60 1.5x, https:\/\/i0.wp.com\/controversia.com.br\/wp-content\/uploads\/2016\/12\/mulheres-indigenas.jpg?fit=600%2C337&amp;ssl=1&amp;resize=80%2C80 2x, https:\/\/i0.wp.com\/controversia.com.br\/wp-content\/uploads\/2016\/12\/mulheres-indigenas.jpg?fit=600%2C337&amp;ssl=1&amp;resize=120%2C120 3x, https:\/\/i0.wp.com\/controversia.com.br\/wp-content\/uploads\/2016\/12\/mulheres-indigenas.jpg?fit=600%2C337&amp;ssl=1&amp;resize=160%2C160 4x\" alt=\"A luta das mulheres ind\u00edgenas contra o estupro\" data-pin-nopin=\"true\" class=\"widgets-list-layout-blavatar\" \/><\/a><div class=\"widgets-list-layout-links\">\n\t\t\t\t\t\t\t\t<a href=\"https:\/\/controversia.com.br\/pt\/2016\/12\/11\/a-luta-das-mulheres-indigenas-contra-o-estupro\/\" title=\"A luta das mulheres ind\u00edgenas contra o estupro\" class=\"bump-view\" data-bump-view=\"tp\">A luta das mulheres ind\u00edgenas contra o estupro<\/a>\n\t\t\t\t\t\t\t<\/div>\n\t\t\t\t\t\t\t<\/li><li><a href=\"https:\/\/controversia.com.br\/pt\/2016\/12\/21\/nova-fase-do-golpe\/\" title=\"Nova fase do golpe\" class=\"bump-view\" data-bump-view=\"tp\"><img decoding=\"async\" loading=\"lazy\" width=\"40\" height=\"40\" src=\"https:\/\/i0.wp.com\/controversia.com.br\/wp-content\/uploads\/2016\/12\/nelson-jobim.jpg?fit=640%2C448&#038;ssl=1&#038;resize=40%2C40\" srcset=\"https:\/\/i0.wp.com\/controversia.com.br\/wp-content\/uploads\/2016\/12\/nelson-jobim.jpg?fit=640%2C448&amp;ssl=1&amp;resize=40%2C40 1x, https:\/\/i0.wp.com\/controversia.com.br\/wp-content\/uploads\/2016\/12\/nelson-jobim.jpg?fit=640%2C448&amp;ssl=1&amp;resize=60%2C60 1.5x, https:\/\/i0.wp.com\/controversia.com.br\/wp-content\/uploads\/2016\/12\/nelson-jobim.jpg?fit=640%2C448&amp;ssl=1&amp;resize=80%2C80 2x, https:\/\/i0.wp.com\/controversia.com.br\/wp-content\/uploads\/2016\/12\/nelson-jobim.jpg?fit=640%2C448&amp;ssl=1&amp;resize=120%2C120 3x, https:\/\/i0.wp.com\/controversia.com.br\/wp-content\/uploads\/2016\/12\/nelson-jobim.jpg?fit=640%2C448&amp;ssl=1&amp;resize=160%2C160 4x\" alt=\"Nova fase do golpe\" data-pin-nopin=\"true\" class=\"widgets-list-layout-blavatar\" \/><\/a><div class=\"widgets-list-layout-links\">\n\t\t\t\t\t\t\t\t<a href=\"https:\/\/controversia.com.br\/pt\/2016\/12\/21\/nova-fase-do-golpe\/\" title=\"Nova fase do golpe\" class=\"bump-view\" data-bump-view=\"tp\">Nova fase do golpe<\/a>\n\t\t\t\t\t\t\t<\/div>\n\t\t\t\t\t\t\t<\/li><li><a href=\"https:\/\/controversia.com.br\/pt\/2026\/09\/05\/um-fantasma-truculento-caotico-predador-ronda-o-mundo\/\" title=\"Um fantasma (truculento, ca\u00f3tico, predador) ronda o mundo\" class=\"bump-view\" data-bump-view=\"tp\"><img decoding=\"async\" loading=\"lazy\" width=\"40\" height=\"40\" src=\"https:\/\/i0.wp.com\/controversia.com.br\/wp-content\/uploads\/2026\/09\/extrema-direita-politica.jpg?fit=1200%2C800&#038;ssl=1&#038;resize=40%2C40\" srcset=\"https:\/\/i0.wp.com\/controversia.com.br\/wp-content\/uploads\/2026\/09\/extrema-direita-politica.jpg?fit=1200%2C800&amp;ssl=1&amp;resize=40%2C40 1x, https:\/\/i0.wp.com\/controversia.com.br\/wp-content\/uploads\/2026\/09\/extrema-direita-politica.jpg?fit=1200%2C800&amp;ssl=1&amp;resize=60%2C60 1.5x, https:\/\/i0.wp.com\/controversia.com.br\/wp-content\/uploads\/2026\/09\/extrema-direita-politica.jpg?fit=1200%2C800&amp;ssl=1&amp;resize=80%2C80 2x, https:\/\/i0.wp.com\/controversia.com.br\/wp-content\/uploads\/2026\/09\/extrema-direita-politica.jpg?fit=1200%2C800&amp;ssl=1&amp;resize=120%2C120 3x, https:\/\/i0.wp.com\/controversia.com.br\/wp-content\/uploads\/2026\/09\/extrema-direita-politica.jpg?fit=1200%2C800&amp;ssl=1&amp;resize=160%2C160 4x\" alt=\"Um fantasma (truculento, ca\u00f3tico, predador) ronda o mundo\" data-pin-nopin=\"true\" class=\"widgets-list-layout-blavatar\" \/><\/a><div class=\"widgets-list-layout-links\">\n\t\t\t\t\t\t\t\t<a href=\"https:\/\/controversia.com.br\/pt\/2026\/09\/05\/um-fantasma-truculento-caotico-predador-ronda-o-mundo\/\" title=\"Um fantasma (truculento, ca\u00f3tico, predador) ronda o mundo\" class=\"bump-view\" data-bump-view=\"tp\">Um fantasma (truculento, ca\u00f3tico, predador) ronda o mundo<\/a>\n\t\t\t\t\t\t\t<\/div>\n\t\t\t\t\t\t\t<\/li><li><a href=\"https:\/\/controversia.com.br\/pt\/2019\/11\/05\/o-lado-b-da-princesa-isabel\/\" title=\"O lado B da Princesa Isabel\" class=\"bump-view\" data-bump-view=\"tp\"><img decoding=\"async\" loading=\"lazy\" width=\"40\" height=\"40\" src=\"https:\/\/i0.wp.com\/controversia.com.br\/wp-content\/uploads\/2019\/11\/princesa_isabel.jpeg?fit=800%2C450&#038;ssl=1&#038;resize=40%2C40\" srcset=\"https:\/\/i0.wp.com\/controversia.com.br\/wp-content\/uploads\/2019\/11\/princesa_isabel.jpeg?fit=800%2C450&amp;ssl=1&amp;resize=40%2C40 1x, https:\/\/i0.wp.com\/controversia.com.br\/wp-content\/uploads\/2019\/11\/princesa_isabel.jpeg?fit=800%2C450&amp;ssl=1&amp;resize=60%2C60 1.5x, https:\/\/i0.wp.com\/controversia.com.br\/wp-content\/uploads\/2019\/11\/princesa_isabel.jpeg?fit=800%2C450&amp;ssl=1&amp;resize=80%2C80 2x, https:\/\/i0.wp.com\/controversia.com.br\/wp-content\/uploads\/2019\/11\/princesa_isabel.jpeg?fit=800%2C450&amp;ssl=1&amp;resize=120%2C120 3x, https:\/\/i0.wp.com\/controversia.com.br\/wp-content\/uploads\/2019\/11\/princesa_isabel.jpeg?fit=800%2C450&amp;ssl=1&amp;resize=160%2C160 4x\" alt=\"O lado B da Princesa Isabel\" data-pin-nopin=\"true\" class=\"widgets-list-layout-blavatar\" \/><\/a><div class=\"widgets-list-layout-links\">\n\t\t\t\t\t\t\t\t<a href=\"https:\/\/controversia.com.br\/pt\/2019\/11\/05\/o-lado-b-da-princesa-isabel\/\" title=\"O lado B da Princesa Isabel\" class=\"bump-view\" data-bump-view=\"tp\">O lado B da Princesa Isabel<\/a>\n\t\t\t\t\t\t\t<\/div>\n\t\t\t\t\t\t\t<\/li><li><a href=\"https:\/\/controversia.com.br\/pt\/2016\/11\/06\/boaventura-somos-todos-anticapitalistas\/\" title=\"Boaventura: \u201cSomos todos anticapitalistas\u201d\" class=\"bump-view\" data-bump-view=\"tp\"><img decoding=\"async\" loading=\"lazy\" width=\"40\" height=\"40\" src=\"https:\/\/i0.wp.com\/controversia.com.br\/wp-content\/uploads\/2016\/08\/Boaventura-de-Sousa-Santos.jpg?fit=700%2C400&#038;ssl=1&#038;resize=40%2C40\" srcset=\"https:\/\/i0.wp.com\/controversia.com.br\/wp-content\/uploads\/2016\/08\/Boaventura-de-Sousa-Santos.jpg?fit=700%2C400&amp;ssl=1&amp;resize=40%2C40 1x, https:\/\/i0.wp.com\/controversia.com.br\/wp-content\/uploads\/2016\/08\/Boaventura-de-Sousa-Santos.jpg?fit=700%2C400&amp;ssl=1&amp;resize=60%2C60 1.5x, https:\/\/i0.wp.com\/controversia.com.br\/wp-content\/uploads\/2016\/08\/Boaventura-de-Sousa-Santos.jpg?fit=700%2C400&amp;ssl=1&amp;resize=80%2C80 2x, https:\/\/i0.wp.com\/controversia.com.br\/wp-content\/uploads\/2016\/08\/Boaventura-de-Sousa-Santos.jpg?fit=700%2C400&amp;ssl=1&amp;resize=120%2C120 3x, https:\/\/i0.wp.com\/controversia.com.br\/wp-content\/uploads\/2016\/08\/Boaventura-de-Sousa-Santos.jpg?fit=700%2C400&amp;ssl=1&amp;resize=160%2C160 4x\" alt=\"Boaventura: \u201cSomos todos anticapitalistas\u201d\" data-pin-nopin=\"true\" class=\"widgets-list-layout-blavatar\" \/><\/a><div class=\"widgets-list-layout-links\">\n\t\t\t\t\t\t\t\t<a href=\"https:\/\/controversia.com.br\/pt\/2016\/11\/06\/boaventura-somos-todos-anticapitalistas\/\" title=\"Boaventura: \u201cSomos todos anticapitalistas\u201d\" class=\"bump-view\" data-bump-view=\"tp\">Boaventura: \u201cSomos todos anticapitalistas\u201d<\/a>\n\t\t\t\t\t\t\t<\/div>\n\t\t\t\t\t\t\t<\/li><li><a href=\"https:\/\/controversia.com.br\/pt\/2017\/07\/25\/mexico-a-dupla-viagem-a-chiapas\/\" title=\"M\u00e9xico: a dupla viagem a Chiapas\" class=\"bump-view\" data-bump-view=\"tp\"><img decoding=\"async\" loading=\"lazy\" width=\"40\" height=\"40\" src=\"https:\/\/i0.wp.com\/controversia.com.br\/wp-content\/uploads\/2017\/07\/chiapas.jpg?fit=940%2C415&#038;ssl=1&#038;resize=40%2C40\" srcset=\"https:\/\/i0.wp.com\/controversia.com.br\/wp-content\/uploads\/2017\/07\/chiapas.jpg?fit=940%2C415&amp;ssl=1&amp;resize=40%2C40 1x, https:\/\/i0.wp.com\/controversia.com.br\/wp-content\/uploads\/2017\/07\/chiapas.jpg?fit=940%2C415&amp;ssl=1&amp;resize=60%2C60 1.5x, https:\/\/i0.wp.com\/controversia.com.br\/wp-content\/uploads\/2017\/07\/chiapas.jpg?fit=940%2C415&amp;ssl=1&amp;resize=80%2C80 2x, https:\/\/i0.wp.com\/controversia.com.br\/wp-content\/uploads\/2017\/07\/chiapas.jpg?fit=940%2C415&amp;ssl=1&amp;resize=120%2C120 3x, https:\/\/i0.wp.com\/controversia.com.br\/wp-content\/uploads\/2017\/07\/chiapas.jpg?fit=940%2C415&amp;ssl=1&amp;resize=160%2C160 4x\" alt=\"M\u00e9xico: a dupla viagem a Chiapas\" data-pin-nopin=\"true\" class=\"widgets-list-layout-blavatar\" \/><\/a><div class=\"widgets-list-layout-links\">\n\t\t\t\t\t\t\t\t<a href=\"https:\/\/controversia.com.br\/pt\/2017\/07\/25\/mexico-a-dupla-viagem-a-chiapas\/\" title=\"M\u00e9xico: a dupla viagem a Chiapas\" class=\"bump-view\" data-bump-view=\"tp\">M\u00e9xico: a dupla viagem a Chiapas<\/a>\n\t\t\t\t\t\t\t<\/div>\n\t\t\t\t\t\t\t<\/li><li><a href=\"https:\/\/controversia.com.br\/pt\/2018\/02\/10\/revolucao-russa-mitos-erros-e-atualidade-ii%ef%bb%bf\/\" title=\"Revolu\u00e7\u00e3o Russa: mitos, erros e atualidade (II)\ufeff\" class=\"bump-view\" data-bump-view=\"tp\"><img decoding=\"async\" loading=\"lazy\" width=\"40\" height=\"40\" src=\"https:\/\/i0.wp.com\/controversia.com.br\/wp-content\/uploads\/2018\/02\/revolucao-russa.png?fit=700%2C360&#038;ssl=1&#038;resize=40%2C40\" srcset=\"https:\/\/i0.wp.com\/controversia.com.br\/wp-content\/uploads\/2018\/02\/revolucao-russa.png?fit=700%2C360&amp;ssl=1&amp;resize=40%2C40 1x, https:\/\/i0.wp.com\/controversia.com.br\/wp-content\/uploads\/2018\/02\/revolucao-russa.png?fit=700%2C360&amp;ssl=1&amp;resize=60%2C60 1.5x, https:\/\/i0.wp.com\/controversia.com.br\/wp-content\/uploads\/2018\/02\/revolucao-russa.png?fit=700%2C360&amp;ssl=1&amp;resize=80%2C80 2x, https:\/\/i0.wp.com\/controversia.com.br\/wp-content\/uploads\/2018\/02\/revolucao-russa.png?fit=700%2C360&amp;ssl=1&amp;resize=120%2C120 3x, https:\/\/i0.wp.com\/controversia.com.br\/wp-content\/uploads\/2018\/02\/revolucao-russa.png?fit=700%2C360&amp;ssl=1&amp;resize=160%2C160 4x\" alt=\"Revolu\u00e7\u00e3o Russa: mitos, erros e atualidade (II)\ufeff\" data-pin-nopin=\"true\" class=\"widgets-list-layout-blavatar\" \/><\/a><div class=\"widgets-list-layout-links\">\n\t\t\t\t\t\t\t\t<a href=\"https:\/\/controversia.com.br\/pt\/2018\/02\/10\/revolucao-russa-mitos-erros-e-atualidade-ii%ef%bb%bf\/\" title=\"Revolu\u00e7\u00e3o Russa: mitos, erros e atualidade (II)\ufeff\" class=\"bump-view\" data-bump-view=\"tp\">Revolu\u00e7\u00e3o Russa: mitos, erros e atualidade (II)<\/a>\n\t\t\t\t\t\t\t<\/div>\n\t\t\t\t\t\t\t<\/li><li><a href=\"https:\/\/controversia.com.br\/pt\/2018\/08\/27\/o-inquietante-desprezo-pelos-encantos-da-ciencia\/\" title=\"O inquietante desprezo pelos encantos da ci\u00eancia\" class=\"bump-view\" data-bump-view=\"tp\"><img decoding=\"async\" loading=\"lazy\" width=\"40\" height=\"40\" src=\"https:\/\/i0.wp.com\/controversia.com.br\/wp-content\/uploads\/2016\/10\/ciencia.jpg?fit=1074%2C483&#038;ssl=1&#038;resize=40%2C40\" srcset=\"https:\/\/i0.wp.com\/controversia.com.br\/wp-content\/uploads\/2016\/10\/ciencia.jpg?fit=1074%2C483&amp;ssl=1&amp;resize=40%2C40 1x, https:\/\/i0.wp.com\/controversia.com.br\/wp-content\/uploads\/2016\/10\/ciencia.jpg?fit=1074%2C483&amp;ssl=1&amp;resize=60%2C60 1.5x, https:\/\/i0.wp.com\/controversia.com.br\/wp-content\/uploads\/2016\/10\/ciencia.jpg?fit=1074%2C483&amp;ssl=1&amp;resize=80%2C80 2x, https:\/\/i0.wp.com\/controversia.com.br\/wp-content\/uploads\/2016\/10\/ciencia.jpg?fit=1074%2C483&amp;ssl=1&amp;resize=120%2C120 3x, https:\/\/i0.wp.com\/controversia.com.br\/wp-content\/uploads\/2016\/10\/ciencia.jpg?fit=1074%2C483&amp;ssl=1&amp;resize=160%2C160 4x\" alt=\"O inquietante desprezo pelos encantos da ci\u00eancia\" data-pin-nopin=\"true\" class=\"widgets-list-layout-blavatar\" \/><\/a><div class=\"widgets-list-layout-links\">\n\t\t\t\t\t\t\t\t<a href=\"https:\/\/controversia.com.br\/pt\/2018\/08\/27\/o-inquietante-desprezo-pelos-encantos-da-ciencia\/\" title=\"O inquietante desprezo pelos encantos da ci\u00eancia\" class=\"bump-view\" data-bump-view=\"tp\">O inquietante desprezo pelos encantos da ci\u00eancia<\/a>\n\t\t\t\t\t\t\t<\/div>\n\t\t\t\t\t\t\t<\/li><\/ul>\n<\/div><div id=\"panel-9358-0-0-7\" class=\"so-panel widget widget_upcoming_events_widget\" data-index=\"7\" ><h3 class=\"widget-title\">Pr\u00f3ximos eventos<\/h3><p>No upcoming events<\/p><\/div><div id=\"panel-9358-0-0-8\" class=\"so-panel widget\" data-index=\"8\" ><\/div><div id=\"panel-9358-0-0-9\" class=\"so-panel widget widget_twitter_timeline\" data-index=\"9\" ><h3 class=\"widget-title\">Siga-me no Twitter<\/h3><a class=\"twitter-timeline\" data-theme=\"light\" data-border-color=\"#e8e8e8\" data-tweet-limit=\"10\" data-lang=\"PT\" data-partner=\"jetpack\" href=\"https:\/\/twitter.com\/contro_versia\">My Tweets<\/a><\/div><div id=\"panel-9358-0-0-10\" class=\"so-panel widget widget_jetpack_widget_social_icons jetpack_widget_social_icons\" data-index=\"10\" ><h3 class=\"widget-title\">Siga-nos<\/h3>\n\t\t\t<ul class=\"jetpack-social-widget-list size-large\">\n\n\t\t\t\t\n\t\t\t\t\t\t\t\t\t\t\t<li class=\"jetpack-social-widget-item\">\n\t\t\t\t\t\t\t<a href=\"https:\/\/www.facebook.com\/Controversiascontemporaneas\/\" target=\"_blank\" rel=\"noopener noreferrer\"><span class=\"screen-reader-text\">Facebook<\/span><svg class=\"icon icon-facebook\" aria-hidden=\"true\" role=\"presentation\"> <use href=\"#icon-facebook\" xlink:href=\"#icon-facebook\"><\/use> <\/svg>\t\t\t\t\t\t\t<\/a>\n\t\t\t\t\t\t<\/li>\n\t\t\t\t\t\n\t\t\t\t\n\t\t\t<\/ul>\n\n\t\t\t<\/div><\/div><\/div><\/div>","protected":false},"excerpt":{"rendered":"<p>Assinar blog por e-mail Digite seu endere\u00e7o de e-mail para assinar este blog e receber notifica\u00e7\u00f5es de novas publica\u00e7\u00f5es por e-mail. Endere\u00e7o de e-mail Assinar Join 13K other subscribers Autores Ricardo AlvarezUm fantasma (truculento, ca\u00f3tico, predador) ronda o mundoTrump: o imp\u00e9rio da tirania imobili\u00e1ria\u00c1gua: o enganoso mito da EscassezOs 12 mais ricos do mundo concentram [&hellip;]<\/p>\n","protected":false},"author":1,"featured_media":0,"parent":0,"menu_order":0,"comment_status":"closed","ping_status":"closed","template":"","meta":{"footnotes":""},"class_list":["post-9358","page","type-page","status-publish","hentry"],"yoast_head":"<!-- This site is optimized with the Yoast SEO plugin v28.4 - https:\/\/yoast.com\/product\/yoast-seo-wordpress\/ -->\n<title>Widgets - Controversia<\/title>\n<meta name=\"robots\" content=\"index, follow, max-snippet:-1, max-image-preview:large, max-video-preview:-1\" \/>\n<link rel=\"canonical\" href=\"https:\/\/controversia.com.br\/pt\/widgets\/\" \/>\n<meta property=\"og:locale\" content=\"pt_PT\" \/>\n<meta property=\"og:type\" content=\"article\" \/>\n<meta property=\"og:title\" content=\"Widgets - Controversia\" \/>\n<meta property=\"og:description\" content=\"Assinar blog por e-mail Digite seu endere\u00e7o de e-mail para assinar este blog e receber notifica\u00e7\u00f5es de novas publica\u00e7\u00f5es por e-mail. Endere\u00e7o de e-mail Assinar Join 13K other subscribers Autores Ricardo AlvarezUm fantasma (truculento, ca\u00f3tico, predador) ronda o mundoTrump: o imp\u00e9rio da tirania imobili\u00e1ria\u00c1gua: o enganoso mito da EscassezOs 12 mais ricos do mundo concentram [&hellip;]\" \/>\n<meta property=\"og:url\" content=\"https:\/\/controversia.com.br\/pt\/widgets\/\" \/>\n<meta property=\"og:site_name\" content=\"Controversia\" \/>\n<meta property=\"article:publisher\" content=\"https:\/\/www.facebook.com\/Controversiascontemporaneas\/\" \/>\n<meta property=\"article:modified_time\" content=\"2018-10-22T20:36:48+00:00\" \/>\n<meta name=\"twitter:card\" content=\"summary_large_image\" \/>\n<meta name=\"twitter:site\" content=\"@contro_versia\" \/>\n<script type=\"application\/ld+json\" class=\"yoast-schema-graph\">{\"@context\":\"https:\\\/\\\/schema.org\",\"@graph\":[{\"@type\":\"WebPage\",\"@id\":\"https:\\\/\\\/controversia.com.br\\\/widgets\\\/\",\"url\":\"https:\\\/\\\/controversia.com.br\\\/widgets\\\/\",\"name\":\"Widgets - Controversia\",\"isPartOf\":{\"@id\":\"https:\\\/\\\/controversia.com.br\\\/#website\"},\"datePublished\":\"2018-10-17T23:08:08+00:00\",\"dateModified\":\"2018-10-22T20:36:48+00:00\",\"breadcrumb\":{\"@id\":\"https:\\\/\\\/controversia.com.br\\\/widgets\\\/#breadcrumb\"},\"inLanguage\":\"pt-PT\",\"potentialAction\":[{\"@type\":\"ReadAction\",\"target\":[\"https:\\\/\\\/controversia.com.br\\\/widgets\\\/\"]}]},{\"@type\":\"BreadcrumbList\",\"@id\":\"https:\\\/\\\/controversia.com.br\\\/widgets\\\/#breadcrumb\",\"itemListElement\":[{\"@type\":\"ListItem\",\"position\":1,\"name\":\"In\u00edcio\",\"item\":\"https:\\\/\\\/controversia.com.br\\\/\"},{\"@type\":\"ListItem\",\"position\":2,\"name\":\"Widgets\"}]},{\"@type\":\"WebSite\",\"@id\":\"https:\\\/\\\/controversia.com.br\\\/#website\",\"url\":\"https:\\\/\\\/controversia.com.br\\\/\",\"name\":\"Controversia\",\"description\":\"Um site de leitura e debate\",\"publisher\":{\"@id\":\"https:\\\/\\\/controversia.com.br\\\/#\\\/schema\\\/person\\\/890416adf48f0d52618900e97e15edf2\"},\"potentialAction\":[{\"@type\":\"SearchAction\",\"target\":{\"@type\":\"EntryPoint\",\"urlTemplate\":\"https:\\\/\\\/controversia.com.br\\\/?s={search_term_string}\"},\"query-input\":{\"@type\":\"PropertyValueSpecification\",\"valueRequired\":true,\"valueName\":\"search_term_string\"}}],\"inLanguage\":\"pt-PT\"},{\"@type\":[\"Person\",\"Organization\"],\"@id\":\"https:\\\/\\\/controversia.com.br\\\/#\\\/schema\\\/person\\\/890416adf48f0d52618900e97e15edf2\",\"name\":\"Ricardo Alvarez\",\"image\":{\"@type\":\"ImageObject\",\"inLanguage\":\"pt-PT\",\"@id\":\"https:\\\/\\\/controversia.com.br\\\/wp-content\\\/uploads\\\/2020\\\/05\\\/Plano-de-Fundo-1015x1024.png\",\"url\":\"https:\\\/\\\/controversia.com.br\\\/wp-content\\\/uploads\\\/2020\\\/05\\\/Plano-de-Fundo-1015x1024.png\",\"contentUrl\":\"https:\\\/\\\/controversia.com.br\\\/wp-content\\\/uploads\\\/2020\\\/05\\\/Plano-de-Fundo-1015x1024.png\",\"width\":1015,\"height\":1024,\"caption\":\"Ricardo Alvarez\"},\"logo\":{\"@id\":\"https:\\\/\\\/controversia.com.br\\\/wp-content\\\/uploads\\\/2020\\\/05\\\/Plano-de-Fundo-1015x1024.png\"},\"description\":\"Professor, mestre em geografia urbana pela USP e criador do site Controv\u00e9rsia e escreve semanalmente.\",\"sameAs\":[\"http:\\\/\\\/controversia.com.br\",\"https:\\\/\\\/www.facebook.com\\\/Controversiascontemporaneas\\\/\",\"https:\\\/\\\/www.linkedin.com\\\/in\\\/controversia\\\/\",\"https:\\\/\\\/x.com\\\/https:\\\/\\\/twitter.com\\\/contro_versia\"]}]}<\/script>\n<!-- \/ Yoast SEO plugin. -->","yoast_head_json":{"title":"Widgets - Controversia","robots":{"index":"index","follow":"follow","max-snippet":"max-snippet:-1","max-image-preview":"max-image-preview:large","max-video-preview":"max-video-preview:-1"},"canonical":"https:\/\/controversia.com.br\/pt\/widgets\/","og_locale":"pt_PT","og_type":"article","og_title":"Widgets - Controversia","og_description":"Assinar blog por e-mail Digite seu endere\u00e7o de e-mail para assinar este blog e receber notifica\u00e7\u00f5es de novas publica\u00e7\u00f5es por e-mail. Endere\u00e7o de e-mail Assinar Join 13K other subscribers Autores Ricardo AlvarezUm fantasma (truculento, ca\u00f3tico, predador) ronda o mundoTrump: o imp\u00e9rio da tirania imobili\u00e1ria\u00c1gua: o enganoso mito da EscassezOs 12 mais ricos do mundo concentram [&hellip;]","og_url":"https:\/\/controversia.com.br\/pt\/widgets\/","og_site_name":"Controversia","article_publisher":"https:\/\/www.facebook.com\/Controversiascontemporaneas\/","article_modified_time":"2018-10-22T20:36:48+00:00","twitter_card":"summary_large_image","twitter_site":"@contro_versia","schema":{"@context":"https:\/\/schema.org","@graph":[{"@type":"WebPage","@id":"https:\/\/controversia.com.br\/widgets\/","url":"https:\/\/controversia.com.br\/widgets\/","name":"Widgets - Controversia","isPartOf":{"@id":"https:\/\/controversia.com.br\/#website"},"datePublished":"2018-10-17T23:08:08+00:00","dateModified":"2018-10-22T20:36:48+00:00","breadcrumb":{"@id":"https:\/\/controversia.com.br\/widgets\/#breadcrumb"},"inLanguage":"pt-PT","potentialAction":[{"@type":"ReadAction","target":["https:\/\/controversia.com.br\/widgets\/"]}]},{"@type":"BreadcrumbList","@id":"https:\/\/controversia.com.br\/widgets\/#breadcrumb","itemListElement":[{"@type":"ListItem","position":1,"name":"In\u00edcio","item":"https:\/\/controversia.com.br\/"},{"@type":"ListItem","position":2,"name":"Widgets"}]},{"@type":"WebSite","@id":"https:\/\/controversia.com.br\/#website","url":"https:\/\/controversia.com.br\/","name":"Controversia","description":"Um site de leitura e debate","publisher":{"@id":"https:\/\/controversia.com.br\/#\/schema\/person\/890416adf48f0d52618900e97e15edf2"},"potentialAction":[{"@type":"SearchAction","target":{"@type":"EntryPoint","urlTemplate":"https:\/\/controversia.com.br\/?s={search_term_string}"},"query-input":{"@type":"PropertyValueSpecification","valueRequired":true,"valueName":"search_term_string"}}],"inLanguage":"pt-PT"},{"@type":["Person","Organization"],"@id":"https:\/\/controversia.com.br\/#\/schema\/person\/890416adf48f0d52618900e97e15edf2","name":"Ricardo Alvarez","image":{"@type":"ImageObject","inLanguage":"pt-PT","@id":"https:\/\/controversia.com.br\/wp-content\/uploads\/2020\/05\/Plano-de-Fundo-1015x1024.png","url":"https:\/\/controversia.com.br\/wp-content\/uploads\/2020\/05\/Plano-de-Fundo-1015x1024.png","contentUrl":"https:\/\/controversia.com.br\/wp-content\/uploads\/2020\/05\/Plano-de-Fundo-1015x1024.png","width":1015,"height":1024,"caption":"Ricardo Alvarez"},"logo":{"@id":"https:\/\/controversia.com.br\/wp-content\/uploads\/2020\/05\/Plano-de-Fundo-1015x1024.png"},"description":"Professor, mestre em geografia urbana pela USP e criador do site Controv\u00e9rsia e escreve semanalmente.","sameAs":["http:\/\/controversia.com.br","https:\/\/www.facebook.com\/Controversiascontemporaneas\/","https:\/\/www.linkedin.com\/in\/controversia\/","https:\/\/x.com\/https:\/\/twitter.com\/contro_versia"]}]}},"jetpack_sharing_enabled":true,"jetpack_likes_enabled":true,"jetpack-related-posts":[],"_links":{"self":[{"href":"https:\/\/controversia.com.br\/pt\/wp-json\/wp\/v2\/pages\/9358","targetHints":{"allow":["GET"]}}],"collection":[{"href":"https:\/\/controversia.com.br\/pt\/wp-json\/wp\/v2\/pages"}],"about":[{"href":"https:\/\/controversia.com.br\/pt\/wp-json\/wp\/v2\/types\/page"}],"author":[{"embeddable":true,"href":"https:\/\/controversia.com.br\/pt\/wp-json\/wp\/v2\/users\/1"}],"replies":[{"embeddable":true,"href":"https:\/\/controversia.com.br\/pt\/wp-json\/wp\/v2\/comments?post=9358"}],"version-history":[{"count":6,"href":"https:\/\/controversia.com.br\/pt\/wp-json\/wp\/v2\/pages\/9358\/revisions"}],"predecessor-version":[{"id":9464,"href":"https:\/\/controversia.com.br\/pt\/wp-json\/wp\/v2\/pages\/9358\/revisions\/9464"}],"wp:attachment":[{"href":"https:\/\/controversia.com.br\/pt\/wp-json\/wp\/v2\/media?parent=9358"}],"curies":[{"name":"wp","href":"https:\/\/api.w.org\/{rel}","templated":true}]}}